{"id":2263,"date":"2026-08-28T14:39:45","date_gmt":"2026-08-28T12:39:45","guid":{"rendered":"https:\/\/veloschweiz.ch\/alpin-schweiz\/"},"modified":"2026-09-02T13:35:33","modified_gmt":"2026-09-02T11:35:33","slug":"alpin-schweiz","status":"publish","type":"page","link":"https:\/\/veloschweiz.ch\/fr\/alpin-schweiz\/","title":{"rendered":"ALPiN SUISSE \u2013 V\u00e9los \u00e9lectriques haut de gamme par Allegro | VeloSchweiz"},"content":{"rendered":"<p><strong>ALPiN SUISSE \u2013 d\u00e9velopp\u00e9 exclusivement pour la Suisse.<\/strong><br \/>\nLes v\u00e9los \u00e9lectriques ALPiN SCHWEiZ sont con\u00e7us sp\u00e9cifiquement et exclusivement pour la Suisse \u2013 adapt\u00e9s aux d\u00e9nivel\u00e9s, aux routes et aux conditions climatiques suisses, fabriqu\u00e9s selon les normes de qualit\u00e9 suisses et r\u00e9pondant aux attentes de nos clients cyclistes. C\u2019est pr\u00e9cis\u00e9ment pour cette raison que les ing\u00e9nieurs des marques historiques Cilo et Allegro ont uni leurs forces\u00a0: plus d\u2019un si\u00e8cle de savoir-faire suisse en mati\u00e8re de fabrication de v\u00e9los, r\u00e9unis autour d\u2019une m\u00eame mission. Test\u00e9s rigoureusement dans les Grisons \u2013 exclusivement chez VeloSchweiz.<\/p>\n<h2>L&#039;id\u00e9e<\/h2>\n<p>Les v\u00e9los \u00e9lectriques Alpin Schweiz sont con\u00e7us sp\u00e9cifiquement et exclusivement pour la Suisse, en fonction des souhaits des clients suisses et adapt\u00e9s aux exigences de qualit\u00e9 du pays. C\u2019est cette id\u00e9e qui a donn\u00e9 naissance \u00e0 la collaboration entre les ing\u00e9nieurs de Cilo et d\u2019Allegro, sp\u00e9cialistes des v\u00e9los et des v\u00e9los \u00e9lectriques\u00a0: un partenariat fond\u00e9 sur un objectif commun\u00a0: r\u00e9pondre aux besoins des cyclistes suisses.<\/p>\n<h2>Les sp\u00e9cifications proviennent de vous.<\/h2>\n<p>Une autonomie \u00e0 toute \u00e9preuve, m\u00eame en montagne. Des performances perceptibles. Une robustesse \u00e0 toute \u00e9preuve au quotidien. Et un plaisir de conduite \u00e0 l&#039;\u00e9tat pur, \u00e0 chaque sortie. Chaque v\u00e9lo \u00e9lectrique Alpin-Schweiz est con\u00e7u, composant par composant, en fonction de ces quatre souhaits du client.<\/p>\n<h2>En Suisse. Pour la Suisse.<\/h2>\n<p>D\u00e9velopp\u00e9 en Suisse, adapt\u00e9 aux routes, aux pentes et au climat suisses \u2013 et test\u00e9 de mani\u00e8re approfondie dans les Grisons.<\/p>\n<h2>Les mod\u00e8les<\/h2>\n<p>Deux mod\u00e8les, une id\u00e9e : Le <strong>ProTour<\/strong> Pour tous ceux qui pr\u00e9f\u00e8rent une position de conduite sportive et qui recherchent toute la puissance du moteur \u2013 ceci <strong>ActivePlus<\/strong> Pour tous ceux qui souhaitent rouler confortablement sur de longues distances en toute s\u00e9r\u00e9nit\u00e9. Les deux mod\u00e8les sont \u00e9quip\u00e9s de la plus grande batterie de la gamme VeloSchweiz (735 Wh) et offrent une autonomie allant jusqu&#039;\u00e0 230 km\u00a0; chacun peut ainsi trouver le v\u00e9lo \u00e9lectrique ALPiN-SCHWEIZ qui lui convient.<\/p>\n<h3>V\u00e9lo \u00e9lectrique ProTour Premium<\/h3>\n<p>Le mod\u00e8le phare du cyclotourisme\u00a0: moteur central Shimano EP6 de 85\u00a0Nm de couple, batterie de 735\u00a0Wh offrant jusqu\u2019\u00e0 230\u00a0km d\u2019autonomie, transmission CUES 10\u00a0vitesses avec LinkGlide, fourche suspendue de 100\u00a0mm avec blocage, tige de selle suspendue et feu arri\u00e8re avec fonction feu stop. Cadre trap\u00e9zo\u00efdal \u00e0 enjambement bas \u2013 unisexe. Disponible en blanc nacr\u00e9 et bleu nuit, tailles M (150\u2013170\u00a0cm) et L (170\u2013190\u00a0cm). <strong>2\u00a0490 CHF.-<\/strong> (1 500 CHF \u00e9conomis\u00e9s).<\/p>\n<p><a href=\"https:\/\/veloschweiz.ch\/fr\/#protour-premium\">D\u00e9couvrez le v\u00e9lo \u00e9lectrique ProTour<\/a><\/p>\n<h3>V\u00e9lo \u00e9lectrique de trekking AktivPlus Premium<\/h3>\n<p>V\u00e9lo polyvalent \u00e0 cadre bas\u00a0: moteur central Shimano EP5 de 60\u00a0Nm de couple, batterie de 735\u00a0Wh offrant jusqu\u2019\u00e0 230\u00a0km d\u2019autonomie, transmission CUES \u00e0 9\u00a0vitesses avec LinkGlide, freins \u00e0 disque hydrauliques avec rotors de 180\u00a0mm, tige de selle suspendue, potence r\u00e9glable et feu arri\u00e8re avec fonction feu stop. Cadre bas \u2013 pour hommes et femmes. Disponible en champagne et blanc nacr\u00e9, tailles M (150\u2013170\u00a0cm) et L (170\u2013190\u00a0cm). <strong>1\u00a0990 CHF.-<\/strong> (1 000 CHF \u00e9conomis\u00e9s).<\/p>\n<p><a href=\"https:\/\/veloschweiz.ch\/fr\/#aktivplus-premium\">D\u00e9couvrez le v\u00e9lo \u00e9lectrique AktivPlus<\/a><\/p>\n<h2>Le forfait tout compris. Toujours inclus.<\/h2>\n<ul>\n<li>Assemblage complet GRATUIT par des m\u00e9caniciens de v\u00e9los professionnels en Suisse<\/li>\n<li>Livraison \u00e0 domicile GRATUITE \u2013 pr\u00eate \u00e0 \u00eatre livr\u00e9e directement chez vous<\/li>\n<li>Assurance v\u00e9lo TCS GRATUITE la premi\u00e8re ann\u00e9e<\/li>\n<li>Garantie de 5 ans sur le cadre \u2013 incluse gratuitement<\/li>\n<li>Financement 0% \u2013 Z\u00e9ro int\u00e9r\u00eat, z\u00e9ro acompte, z\u00e9ro frais suppl\u00e9mentaires<\/li>\n<li>Politique de retour de 30 jours<\/li>\n<\/ul>\n<h2>En exclusivit\u00e9 chez VeloSchweiz<\/h2>\n<p>Les v\u00e9los \u00e9lectriques Alpin Schweiz sont disponibles uniquement ici\u00a0: directement, en personne, sans interm\u00e9diaires. Consultation et commande\u00a0: <strong>044 505 16 16<\/strong>.<\/p>","protected":false},"excerpt":{"rendered":"<p>ALPiN SCHWEiZ \u2013 entwickelt ausschliesslich f\u00fcr die Schweiz. ALPiN SCHWEiZ E-Bikes werden explizit und ausschliesslich f\u00fcr die Schweiz entwickelt \u2013 ausgelegt auf Schweizer Steigungen, Strassen und Wetter, gebaut nach Schweizer Qualit\u00e4tsanspruch und den W\u00fcnschen unserer Velo-Kunden. Genau daf\u00fcr haben sich die Ingenieure der Traditionsmarken Cilo und Allegro zusammengetan: \u00fcber hundert Jahre Schweizer Velobau, geb\u00fcndelt in [&hellip;]<\/p>\n","protected":false},"author":0,"featured_media":0,"parent":0,"menu_order":0,"comment_status":"closed","ping_status":"closed","template":"","meta":{"site-sidebar-layout":"default","site-content-layout":"","ast-site-content-layout":"default","site-content-style":"default","site-sidebar-style":"default","ast-global-header-display":"","ast-banner-title-visibility":"","ast-main-header-display":"","ast-hfb-above-header-display":"","ast-hfb-below-header-display":"","ast-hfb-mobile-header-display":"","site-post-title":"","ast-breadcrumbs-content":"","ast-featured-img":"","footer-sml-layout":"","ast-disable-related-posts":"","theme-transparent-header-meta":"","adv-header-id-meta":"","stick-header-meta":"","header-above-stick-meta":"","header-main-stick-meta":"","header-below-stick-meta":"","astra-migrate-meta-layouts":"default","ast-page-background-enabled":"default","ast-page-background-meta":{"desktop":{"background-color":"","background-image":"","background-repeat":"repeat","background-position":"center center","background-size":"auto","background-attachment":"scroll","background-type":"","background-media":"","overlay-type":"","overlay-color":"","overlay-opacity":"","overlay-gradient":""},"tablet":{"background-color":"","background-image":"","background-repeat":"repeat","background-position":"center center","background-size":"auto","background-attachment":"scroll","background-type":"","background-media":"","overlay-type":"","overlay-color":"","overlay-opacity":"","overlay-gradient":""},"mobile":{"background-color":"","background-image":"","background-repeat":"repeat","background-position":"center center","background-size":"auto","background-attachment":"scroll","background-type":"","background-media":"","overlay-type":"","overlay-color":"","overlay-opacity":"","overlay-gradient":""}},"ast-content-background-meta":{"desktop":{"background-color":"var(--ast-global-color-5)","background-image":"","background-repeat":"repeat","background-position":"center center","background-size":"auto","background-attachment":"scroll","background-type":"","background-media":"","overlay-type":"","overlay-color":"","overlay-opacity":"","overlay-gradient":""},"tablet":{"background-color":"var(--ast-global-color-5)","background-image":"","background-repeat":"repeat","background-position":"center center","background-size":"auto","background-attachment":"scroll","background-type":"","background-media":"","overlay-type":"","overlay-color":"","overlay-opacity":"","overlay-gradient":""},"mobile":{"background-color":"var(--ast-global-color-5)","background-image":"","background-repeat":"repeat","background-position":"center center","background-size":"auto","background-attachment":"scroll","background-type":"","background-media":"","overlay-type":"","overlay-color":"","overlay-opacity":"","overlay-gradient":""}},"footnotes":""},"class_list":["post-2263","page","type-page","status-publish","hentry"],"_links":{"self":[{"href":"https:\/\/veloschweiz.ch\/fr\/wp-json\/wp\/v2\/pages\/2263","targetHints":{"allow":["GET"]}}],"collection":[{"href":"https:\/\/veloschweiz.ch\/fr\/wp-json\/wp\/v2\/pages"}],"about":[{"href":"https:\/\/veloschweiz.ch\/fr\/wp-json\/wp\/v2\/types\/page"}],"replies":[{"embeddable":true,"href":"https:\/\/veloschweiz.ch\/fr\/wp-json\/wp\/v2\/comments?post=2263"}],"version-history":[{"count":5,"href":"https:\/\/veloschweiz.ch\/fr\/wp-json\/wp\/v2\/pages\/2263\/revisions"}],"predecessor-version":[{"id":2387,"href":"https:\/\/veloschweiz.ch\/fr\/wp-json\/wp\/v2\/pages\/2263\/revisions\/2387"}],"wp:attachment":[{"href":"https:\/\/veloschweiz.ch\/fr\/wp-json\/wp\/v2\/media?parent=2263"}],"curies":[{"name":"wp","href":"https:\/\/api.w.org\/{rel}","templated":true}]}}